{"id":15156,"date":"2022-03-31T07:18:52","date_gmt":"2022-03-31T07:18:52","guid":{"rendered":"https:\/\/www.lidemschool.com\/project\/oscar-gamell\/"},"modified":"2022-03-31T07:18:54","modified_gmt":"2022-03-31T07:18:54","slug":"oscar-gamell","status":"publish","type":"project","link":"https:\/\/www.lidemschool.com\/fr\/equipe-enseignants\/oscar-gamell\/","title":{"rendered":"\u00d2scar Gamell"},"content":{"rendered":"<p>[et_pb_section fb_built=\u00a0\u00bb1&Prime; _builder_version=\u00a0\u00bb4.9.7&Prime; _module_preset=\u00a0\u00bbdefault\u00a0\u00bb global_colors_info=\u00a0\u00bb{}\u00a0\u00bb][et_pb_row column_structure=\u00a0\u00bb1_2,1_2&Prime; _builder_version=\u00a0\u00bb4.9.7&Prime; _module_preset=\u00a0\u00bbdefault\u00a0\u00bb global_colors_info=\u00a0\u00bb{}\u00a0\u00bb][et_pb_column type=\u00a0\u00bb1_2&Prime; _builder_version=\u00a0\u00bb4.9.7&Prime; _module_preset=\u00a0\u00bbdefault\u00a0\u00bb global_colors_info=\u00a0\u00bb{}\u00a0\u00bb][et_pb_image src=\u00a0\u00bbhttps:\/\/www.lidemschool.com\/wp-content\/uploads\/2021\/10\/oscar-gamell.jpg\u00a0\u00bb title_text=\u00a0\u00bboscar-gamell\u00a0\u00bb force_fullwidth=\u00a0\u00bbon\u00a0\u00bb _builder_version=\u00a0\u00bb4.9.7&Prime; _module_preset=\u00a0\u00bbdefault\u00a0\u00bb global_colors_info=\u00a0\u00bb{}\u00a0\u00bb][\/et_pb_image][\/et_pb_column][et_pb_column type=\u00a0\u00bb1_2&Prime; _builder_version=\u00a0\u00bb4.9.7&Prime; _module_preset=\u00a0\u00bbdefault\u00a0\u00bb global_colors_info=\u00a0\u00bb{}\u00a0\u00bb][et_pb_text _builder_version=\u00a0\u00bb4.9.7&Prime; _module_preset=\u00a0\u00bbdefault\u00a0\u00bb header_4_font=\u00a0\u00bbMontserrat|700|||||||\u00a0\u00bb header_4_text_color=\u00a0\u00bb#262327&Prime; header_4_font_size=\u00a0\u00bb22px\u00a0\u00bb header_4_line_height=\u00a0\u00bb24px\u00a0\u00bb custom_margin=\u00a0\u00bb||10px||false|false\u00a0\u00bb global_colors_info=\u00a0\u00bb{}\u00a0\u00bb]<\/p>\n<h4><span>\u00d2scar Gamell<\/span><\/h4>\n<p>[\/et_pb_text][et_pb_text _builder_version=\u00a0\u00bb4.14.2&Prime; _module_preset=\u00a0\u00bbdefault\u00a0\u00bb text_font=\u00a0\u00bbRoboto|300|||||||\u00a0\u00bb text_text_color=\u00a0\u00bb#3D393B\u00a0\u00bb custom_margin=\u00a0\u00bb||15px||false|false\u00a0\u00bb global_colors_info=\u00a0\u00bb{}\u00a0\u00bb]<\/p>\n<p><strong>Position:<\/strong> Directeur g\u00e9n\u00e9ral de L&rsquo;Idem Barcelona<\/p>\n<p>[\/et_pb_text][et_pb_text _builder_version=\u00a0\u00bb4.14.2&Prime; _module_preset=\u00a0\u00bbdefault\u00a0\u00bb text_font=\u00a0\u00bbRoboto|300|||||||\u00a0\u00bb text_text_color=\u00a0\u00bb#3D393B\u00a0\u00bb global_colors_info=\u00a0\u00bb{}\u00a0\u00bb]Licenciado en Bellas Artes por la Universitat de Barcelona. Desde 1993 ha desarrollado su actividad pict\u00f3rica y ha expuesto en galer\u00edas de arte de toda Catalunya. <\/p>\n<p>Cuenta con amplia experiencia en el sector acad\u00e9mico en los \u00e1mbitos de la producci\u00f3n audiovisual y el cine de Animaci\u00f3n. Desde 2011 es director delegado y director acad\u00e9mico de L\u2019Idem Barcelona. <\/p>\n<p>Durante los \u00faltimos 15 a\u00f1os ha compaginado esta actividad con proyectos de producci\u00f3n audiovisual para series de Animaci\u00f3n para televisi\u00f3n y sound design. Ha trabajado con estudios como Imagic TV, Neptuno Films y Dreamar Entertainment S.L.[\/et_pb_text][et_pb_code _builder_version=\u00a0\u00bb4.14.2&Prime; _module_preset=\u00a0\u00bbdefault\u00a0\u00bb global_colors_info=\u00a0\u00bb{}\u00a0\u00bb]<\/p>\n<ul style=\"display: flex; list-style: none; padding: 0;\"><!-- [et_pb_line_break_holder] -->  <!-- [et_pb_line_break_holder] --><!-- [et_pb_line_break_holder] --><a href=\"https:\/\/www.behance.net\/oscargamell\" target=\"_Blank\" rel=\"noopener\"><\/p>\n<li class=\"icon-behance\" style=\"margin-right: 25px;\"><\/li>\n<p><\/a><!-- [et_pb_line_break_holder] --><!-- [et_pb_line_break_holder] --><a href=\"https:\/\/www.linkedin.com\/in\/oscar-gamell-farr%C3%A9-2390a213\/\" target=\"_Blank\" rel=\"noopener\"><\/p>\n<li class=\"icon-lk\"><\/li>\n<p><\/a><!-- [et_pb_line_break_holder] -->  <!-- [et_pb_line_break_holder] --><\/ul>\n<p>[\/et_pb_code][\/et_pb_column][\/et_pb_row][et_pb_row _builder_version=\u00a0\u00bb4.9.7&Prime; _module_preset=\u00a0\u00bbdefault\u00a0\u00bb custom_margin=\u00a0\u00bb50px||||false|false\u00a0\u00bb custom_margin_tablet=\u00a0\u00bb\u00a0\u00bb custom_margin_phone=\u00a0\u00bb25px||||false|false\u00a0\u00bb custom_margin_last_edited=\u00a0\u00bbon|phone\u00a0\u00bb global_colors_info=\u00a0\u00bb{}\u00a0\u00bb][et_pb_column type=\u00a0\u00bb4_4&Prime; _builder_version=\u00a0\u00bb4.9.7&Prime; _module_preset=\u00a0\u00bbdefault\u00a0\u00bb global_colors_info=\u00a0\u00bb{}\u00a0\u00bb][et_pb_text _builder_version=\u00a0\u00bb4.9.7&Prime; _module_preset=\u00a0\u00bbdefault\u00a0\u00bb header_4_font=\u00a0\u00bbMontserrat|700|||||||\u00a0\u00bb header_4_text_color=\u00a0\u00bb#262327&Prime; header_4_font_size=\u00a0\u00bb22px\u00a0\u00bb header_4_line_height=\u00a0\u00bb24px\u00a0\u00bb global_colors_info=\u00a0\u00bb{}\u00a0\u00bb]<\/p>\n<h4>Proyectos destacados<\/h4>\n<p>[\/et_pb_text][\/et_pb_column][\/et_pb_row][et_pb_row column_structure=\u00a0\u00bb1_3,1_3,1_3&Prime; _builder_version=\u00a0\u00bb4.9.7&Prime; _module_preset=\u00a0\u00bbdefault\u00a0\u00bb global_colors_info=\u00a0\u00bb{}\u00a0\u00bb][et_pb_column type=\u00a0\u00bb1_3&Prime; _builder_version=\u00a0\u00bb4.9.7&Prime; _module_preset=\u00a0\u00bbdefault\u00a0\u00bb global_colors_info=\u00a0\u00bb{}\u00a0\u00bb][et_pb_text _builder_version=\u00a0\u00bb4.9.7&Prime; _module_preset=\u00a0\u00bbdefault\u00a0\u00bb text_font=\u00a0\u00bbRoboto|300|||||||\u00a0\u00bb text_text_color=\u00a0\u00bb#3D393B\u00a0\u00bb custom_margin=\u00a0\u00bb||24px||false|false\u00a0\u00bb custom_padding=\u00a0\u00bb||0px||false|false\u00a0\u00bb global_colors_info=\u00a0\u00bb{}\u00a0\u00bb]<\/p>\n<ul>\n<li>\u201cLa vaca Connie\u201d, serie de Animaci\u00f3n para televisi\u00f3n creada por Josep Viciana<\/li>\n<\/ul>\n<p>[\/et_pb_text][\/et_pb_column][et_pb_column type=\u00a0\u00bb1_3&Prime; _builder_version=\u00a0\u00bb4.9.7&Prime; _module_preset=\u00a0\u00bbdefault\u00a0\u00bb global_colors_info=\u00a0\u00bb{}\u00a0\u00bb][et_pb_text _builder_version=\u00a0\u00bb4.9.7&Prime; _module_preset=\u00a0\u00bbdefault\u00a0\u00bb text_font=\u00a0\u00bbRoboto|300|||||||\u00a0\u00bb text_text_color=\u00a0\u00bb#3D393B\u00a0\u00bb custom_margin=\u00a0\u00bb||24px||false|false\u00a0\u00bb custom_padding=\u00a0\u00bb||0px||false|false\u00a0\u00bb global_colors_info=\u00a0\u00bb{}\u00a0\u00bb]<\/p>\n<ul>\n<li>\u201cBandolero\u201d., \u201d, serie de Animaci\u00f3n para televisi\u00f3n dirigida por Josep Viciana: <\/li>\n<\/ul>\n<p>[\/et_pb_text][\/et_pb_column][et_pb_column type=\u00a0\u00bb1_3&Prime; _builder_version=\u00a0\u00bb4.9.7&Prime; _module_preset=\u00a0\u00bbdefault\u00a0\u00bb global_colors_info=\u00a0\u00bb{}\u00a0\u00bb][et_pb_text _builder_version=\u00a0\u00bb4.9.7&Prime; _module_preset=\u00a0\u00bbdefault\u00a0\u00bb text_font=\u00a0\u00bbRoboto|300|||||||\u00a0\u00bb text_text_color=\u00a0\u00bb#3D393B\u00a0\u00bb custom_margin=\u00a0\u00bb||24px||false|false\u00a0\u00bb custom_padding=\u00a0\u00bb||0px||false|false\u00a0\u00bb global_colors_info=\u00a0\u00bb{}\u00a0\u00bb]<\/p>\n<ul>\n<li>\u201cFast &#038; Furious 8\u201d (Trixter)<\/li>\n<\/ul>\n<p>[\/et_pb_text][\/et_pb_column][\/et_pb_row][\/et_pb_section][et_pb_section fb_built=\u00a0\u00bb1&Prime; _builder_version=\u00a0\u00bb4.9.7&Prime; _module_preset=\u00a0\u00bbdefault\u00a0\u00bb background_color=\u00a0\u00bb#262327&Prime; global_colors_info=\u00a0\u00bb{}\u00a0\u00bb][et_pb_row _builder_version=\u00a0\u00bb4.9.7&Prime; _module_preset=\u00a0\u00bbdefault\u00a0\u00bb positioning=\u00a0\u00bbabsolute\u00a0\u00bb position_origin_a=\u00a0\u00bbtop_center\u00a0\u00bb width=\u00a0\u00bb100%\u00a0\u00bb max_width=\u00a0\u00bb2560px\u00a0\u00bb custom_padding=\u00a0\u00bb|25px||25px|false|true\u00a0\u00bb global_colors_info=\u00a0\u00bb{}\u00a0\u00bb][et_pb_column type=\u00a0\u00bb4_4&Prime; _builder_version=\u00a0\u00bb4.9.7&Prime; _module_preset=\u00a0\u00bbdefault\u00a0\u00bb global_colors_info=\u00a0\u00bb{}\u00a0\u00bb][et_pb_image src=\u00a0\u00bbhttps:\/\/www.lidemschool.com\/wp-content\/uploads\/2021\/09\/raya-puntitos.png\u00a0\u00bb title_text=\u00a0\u00bbraya-puntitos\u00a0\u00bb force_fullwidth=\u00a0\u00bbon\u00a0\u00bb _builder_version=\u00a0\u00bb4.9.7&Prime; _module_preset=\u00a0\u00bbdefault\u00a0\u00bb global_colors_info=\u00a0\u00bb{}\u00a0\u00bb][\/et_pb_image][\/et_pb_column][\/et_pb_row][et_pb_row _builder_version=\u00a0\u00bb4.9.7&Prime; _module_preset=\u00a0\u00bbdefault\u00a0\u00bb global_colors_info=\u00a0\u00bb{}\u00a0\u00bb][et_pb_column type=\u00a0\u00bb4_4&Prime; _builder_version=\u00a0\u00bb4.9.7&Prime; _module_preset=\u00a0\u00bbdefault\u00a0\u00bb global_colors_info=\u00a0\u00bb{}\u00a0\u00bb][et_pb_text _builder_version=\u00a0\u00bb4.14.2&Prime; _module_preset=\u00a0\u00bbdefault\u00a0\u00bb header_text_align=\u00a0\u00bbcenter\u00a0\u00bb header_2_font=\u00a0\u00bbMontserrat|700|||||||\u00a0\u00bb header_2_text_align=\u00a0\u00bbcenter\u00a0\u00bb header_2_text_color=\u00a0\u00bb#ffffff\u00a0\u00bb header_2_font_size=\u00a0\u00bb40px\u00a0\u00bb hover_enabled=\u00a0\u00bb0&Prime; global_colors_info=\u00a0\u00bb{}\u00a0\u00bb sticky_enabled=\u00a0\u00bb0&Prime;]<\/p>\n<h2><span>L\u2019\u00e9quipe L\u2019Idem<\/span><\/h2>\n<p>[\/et_pb_text][\/et_pb_column][\/et_pb_row][et_pb_row _builder_version=\u00a0\u00bb4.9.7&Prime; _module_preset=\u00a0\u00bbdefault\u00a0\u00bb global_colors_info=\u00a0\u00bb{}\u00a0\u00bb][et_pb_column type=\u00a0\u00bb4_4&Prime; _builder_version=\u00a0\u00bb4.9.7&Prime; _module_preset=\u00a0\u00bbdefault\u00a0\u00bb global_colors_info=\u00a0\u00bb{}\u00a0\u00bb][et_pb_code _builder_version=\u00a0\u00bb4.14.2&Prime; _module_preset=\u00a0\u00bbdefault\u00a0\u00bb global_colors_info=\u00a0\u00bb{}\u00a0\u00bb]<div class='vp-carousel-container'><div class='projects-tax-carousel'><div class='slider-relacionados'>\n       <a class='vp_carousel_btn' href='https:\/\/www.lidemschool.com\/fr\/equipe-enseignants\/esteve-garriga-romero\/'><\/a><div class='imagen'><img src='https:\/\/www.lidemschool.com\/wp-content\/uploads\/2021\/10\/Garriga_Esteve-1.jpg' border-radius: 10px;' \/><\/div>\n       \n       <p><h4>Esteve Garriga Romero<\/h4>\r\n<p><strong>Programmes: <\/strong><a style=\"color: #f3584d;\" href=\"\/etudes-superieures\/animation-2d-3d-et-jeux-video\/\"> Animation<\/a> |&nbsp;<a style=\"color: #f3584d;\" href=\"\/international-master\/game-art\/\">Game Art<\/a><br \/><strong>Sujet:<\/strong> G&eacute;n&eacute;raliste 3D<\/p><\/p>\n       <a href='https:\/\/www.lidemschool.com\/fr\/equipe-enseignants\/esteve-garriga-romero\/' class='btn btn-vermas-carousel'>Savoir plus<\/a>\n       <\/div><div class='slider-relacionados'>\n       <a class='vp_carousel_btn' href='https:\/\/www.lidemschool.com\/fr\/project\/matias-marcos\/'><\/a><div class='imagen'><img src='https:\/\/www.lidemschool.com\/wp-content\/uploads\/2025\/04\/martinmarcos.jpeg' border-radius: 10px;' \/><\/div>\n       \n       <p><h4>Mat&iacute;as Marcos<\/h4>\r\n<p><strong>Titulaci&oacute;n:<\/strong> <a title=\"Animaci&oacute;n 2D\" href=\"\/bachelors-programs\/carrera-de-animacion-2d\/\" target=\"_blank\" rel=\"noopener\">Animaci&oacute;n 2D<\/a><br \/><strong>Asignatura:<\/strong> Animaci&oacute;n 2D<br \/><strong>Campus:<\/strong>&nbsp;<span style=\"font-family: Calibri, sans-serif; font-size: 11pt;\"><span style=\"font-family: verdana, geneva, sans-serif;\">Madrid<\/span><\/span><\/p>\r\n<p>&nbsp;<\/p><\/p>\n       <a href='https:\/\/www.lidemschool.com\/fr\/project\/matias-marcos\/' class='btn btn-vermas-carousel'>Savoir plus<\/a>\n       <\/div><div class='slider-relacionados'>\n       <a class='vp_carousel_btn' href='https:\/\/www.lidemschool.com\/fr\/equipe-enseignants\/carles-prenafeta\/'><\/a><div class='imagen'><img src='https:\/\/www.lidemschool.com\/wp-content\/uploads\/2021\/10\/carles-prenafeta.jpg' border-radius: 10px;' \/><\/div>\n       \n       <p><h4>Carles Prenafeta<\/h4>\r\n<p><strong>Titulaci&oacute;n:<\/strong> <a style=\"color: #f3584d;\" href=\"\/estudios-superiores\/animacion-2d-3d-y-videojuegos\/\">Animaci&oacute;n<\/a><br \/><strong>Asignatura:<\/strong> Animaci&oacute;n 3D<\/p><\/p>\n       <a href='https:\/\/www.lidemschool.com\/fr\/equipe-enseignants\/carles-prenafeta\/' class='btn btn-vermas-carousel'>Savoir plus<\/a>\n       <\/div><div class='slider-relacionados'>\n       <a class='vp_carousel_btn' href='https:\/\/www.lidemschool.com\/fr\/equipe-enseignants\/pablo-garcia\/'><\/a><div class='imagen'><img src='https:\/\/www.lidemschool.com\/wp-content\/uploads\/2023\/02\/pablo_garcia.png' border-radius: 10px;' \/><\/div>\n       \n       <p><h4>Pablo Garc&iacute;a<\/h4>\r\n<p><strong>Qualification:<\/strong> <a style=\"color: #f3584d;\" href=\"\/etudes-superieures\/international-digital-designer\/\">Design<\/a><br \/><strong>Sujet:<\/strong> Typographie, Design Histoire du design, Culture de l'image, Design &eacute;ditorial<\/p><\/p>\n       <a href='https:\/\/www.lidemschool.com\/fr\/equipe-enseignants\/pablo-garcia\/' class='btn btn-vermas-carousel'>Savoir plus<\/a>\n       <\/div><div class='slider-relacionados'>\n       <a class='vp_carousel_btn' href='https:\/\/www.lidemschool.com\/fr\/equipe-enseignants\/ana-victoria-vera\/'><\/a><div class='imagen'><img src='https:\/\/www.lidemschool.com\/wp-content\/uploads\/2021\/12\/ana-vera.jpg' border-radius: 10px;' \/><\/div>\n       \n       <p><h4>Ana Victoria Vera<\/h4>\r\n<p><strong>Qualification:<\/strong> <a style=\"color: #f3584d;\" href=\"\/etudes-superieures\/international-digital-designer\/\">Design<\/a><br \/><strong>Sujet:<\/strong> UX\/UI<\/p><\/p>\n       <a href='https:\/\/www.lidemschool.com\/fr\/equipe-enseignants\/ana-victoria-vera\/' class='btn btn-vermas-carousel'>Savoir plus<\/a>\n       <\/div><div class='slider-relacionados'>\n       <a class='vp_carousel_btn' href='https:\/\/www.lidemschool.com\/fr\/equipe-enseignants\/ada-sbriccoli\/'><\/a><div class='imagen'><img src='https:\/\/www.lidemschool.com\/wp-content\/uploads\/2022\/01\/AdaSbriccoli.png' border-radius: 10px;' \/><\/div>\n       \n       <p><h4>Ada Sbriccoli<\/h4>\r\n<p><strong>Qualification:<\/strong> <a style=\"color: #f3584d;\" href=\"\/etudes-superieures\/animation-2d-3d-et-jeux-video\/\">Animation<\/a><br \/><strong>Sujet:<\/strong> Photographie<\/p><\/p>\n       <a href='https:\/\/www.lidemschool.com\/fr\/equipe-enseignants\/ada-sbriccoli\/' class='btn btn-vermas-carousel'>Savoir plus<\/a>\n       <\/div><div class='slider-relacionados'>\n       <a class='vp_carousel_btn' href='https:\/\/www.lidemschool.com\/fr\/equipe-enseignants\/miquel-pujol\/'><\/a><div class='imagen'><img src='https:\/\/www.lidemschool.com\/wp-content\/uploads\/2022\/01\/MiquelPujol.png' border-radius: 10px;' \/><\/div>\n       \n       <p><h4>Miquel Pujol<\/h4>\r\n<p><strong>Qualification:<\/strong> <a style=\"color: #f3584d;\" href=\"\/etudes-superieures\/animation-2d-3d-et-jeux-video\/\">Animation<\/a><br \/><strong>Sujet:<\/strong>&nbsp;Animation 2D<\/p><\/p>\n       <a href='https:\/\/www.lidemschool.com\/fr\/equipe-enseignants\/miquel-pujol\/' class='btn btn-vermas-carousel'>Savoir plus<\/a>\n       <\/div><div class='slider-relacionados'>\n       <a class='vp_carousel_btn' href='https:\/\/www.lidemschool.com\/fr\/equipe-enseignants\/joan-espinach\/'><\/a><div class='imagen'><img src='https:\/\/www.lidemschool.com\/wp-content\/uploads\/2022\/01\/JoanEspinach.png' border-radius: 10px;' \/><\/div>\n       \n       <p><h4>Joan Espinach<\/h4>\r\n<p><strong>Qualification:<\/strong> <a style=\"color: #f3584d;\" href=\"\/etudes-superieures\/animation-2d-3d-et-jeux-video\/\">Animation<\/a><br \/><strong>Sujet:<\/strong> Animation 2D<\/p><\/p>\n       <a href='https:\/\/www.lidemschool.com\/fr\/equipe-enseignants\/joan-espinach\/' class='btn btn-vermas-carousel'>Savoir plus<\/a>\n       <\/div><div class='slider-relacionados'>\n       <a class='vp_carousel_btn' href='https:\/\/www.lidemschool.com\/fr\/equipe-enseignants\/kaoru-hirose\/'><\/a><div class='imagen'><img src='https:\/\/www.lidemschool.com\/wp-content\/uploads\/2021\/12\/kaoru.jpg' border-radius: 10px;' \/><\/div>\n       \n       <p><h4>Kaoru Hirose<\/h4>\r\n<p><strong>Qualification:<\/strong> <a style=\"color: #f3584d;\" href=\"\/etudes-superieures\/animation-2d-3d-et-jeux-video\/\">Animation<\/a><br \/><strong>Sujet:<\/strong> Sumi-E<\/p><\/p>\n       <a href='https:\/\/www.lidemschool.com\/fr\/equipe-enseignants\/kaoru-hirose\/' class='btn btn-vermas-carousel'>Savoir plus<\/a>\n       <\/div><\/div><\/div>[\/et_pb_code][\/et_pb_column][\/et_pb_row][et_pb_row _builder_version=\u00a0\u00bb4.9.7&Prime; _module_preset=\u00a0\u00bbdefault\u00a0\u00bb positioning=\u00a0\u00bbabsolute\u00a0\u00bb position_origin_a=\u00a0\u00bbbottom_center\u00a0\u00bb width=\u00a0\u00bb100%\u00a0\u00bb max_width=\u00a0\u00bb2560px\u00a0\u00bb custom_padding=\u00a0\u00bb|25px||25px|false|true\u00a0\u00bb global_colors_info=\u00a0\u00bb{}\u00a0\u00bb][et_pb_column type=\u00a0\u00bb4_4&Prime; _builder_version=\u00a0\u00bb4.9.7&Prime; _module_preset=\u00a0\u00bbdefault\u00a0\u00bb global_colors_info=\u00a0\u00bb{}\u00a0\u00bb][et_pb_image src=\u00a0\u00bbhttps:\/\/www.lidemschool.com\/wp-content\/uploads\/2021\/09\/semicirculo.png\u00a0\u00bb title_text=\u00a0\u00bbsemicirculo\u00a0\u00bb force_fullwidth=\u00a0\u00bbon\u00a0\u00bb _builder_version=\u00a0\u00bb4.9.7&Prime; _module_preset=\u00a0\u00bbdefault\u00a0\u00bb global_colors_info=\u00a0\u00bb{}\u00a0\u00bb][\/et_pb_image][\/et_pb_column][\/et_pb_row][\/et_pb_section]<\/p>\n","protected":false},"excerpt":{"rendered":"<p>Kaoru HiroseQualification: AnimationSujet: Sumi-EArtiste et professeur certifi\u00e9 de Sumi-e (peinture \u00e0 l&rsquo;encre japonaise) par l&rsquo;Association internationale Sumi-e (Tokyo). Technique qui applique des compositions utilisant la \u00ab\u00a0beaut\u00e9 de l&rsquo;espace blanc\u00a0\u00bb, des coups de pinceau simples et d&rsquo;autres techniques uniques. Elle donne des ateliers pour les \u00e9tudiants des universit\u00e9s et des \u00e9coles d&rsquo;art dans lesquels elle travaille [&hellip;]<\/p>\n","protected":false},"author":1,"featured_media":25770,"comment_status":"open","ping_status":"closed","template":"","meta":{"_et_pb_use_builder":"on","_et_pb_old_content":"","_et_gb_content_width":"","content-type":"","inline_featured_image":false,"footnotes":""},"project_category":[158,178],"project_tag":[934],"class_list":["post-15156","project","type-project","status-publish","has-post-thumbnail","hentry","project_category-profesores-animacion-fr","project_category-direccion-fr","project_tag-animacion-fr-2"],"yoast_head":"<!-- This site is optimized with the Yoast SEO plugin v27.4 - https:\/\/yoast.com\/product\/yoast-seo-wordpress\/ -->\n<title>\u00d2scar Gamell - L&#039;Idem Animation School<\/title>\n<meta name=\"robots\" content=\"index, follow, max-snippet:-1, max-image-preview:large, max-video-preview:-1\" \/>\n<link rel=\"canonical\" href=\"https:\/\/www.lidemschool.com\/fr\/equipe-enseignants\/oscar-gamell\/\" \/>\n<meta property=\"og:locale\" content=\"fr_FR\" \/>\n<meta property=\"og:type\" content=\"article\" \/>\n<meta property=\"og:title\" content=\"\u00d2scar Gamell - L&#039;Idem Animation School\" \/>\n<meta property=\"og:url\" content=\"https:\/\/www.lidemschool.com\/fr\/equipe-enseignants\/oscar-gamell\/\" \/>\n<meta property=\"og:site_name\" content=\"L&#039;Idem Animation School\" \/>\n<meta property=\"article:modified_time\" content=\"2022-03-31T07:18:54+00:00\" \/>\n<meta property=\"og:image\" content=\"https:\/\/www.lidemschool.com\/wp-content\/uploads\/2021\/10\/oscar-gamell.jpg\" \/>\n\t<meta property=\"og:image:width\" content=\"537\" \/>\n\t<meta property=\"og:image:height\" content=\"496\" \/>\n\t<meta property=\"og:image:type\" content=\"image\/jpeg\" \/>\n<meta name=\"twitter:card\" content=\"summary_large_image\" \/>\n<meta name=\"twitter:label1\" content=\"Dur\u00e9e de lecture estim\u00e9e\" \/>\n\t<meta name=\"twitter:data1\" content=\"4 minutes\" \/>\n<script type=\"application\/ld+json\" class=\"yoast-schema-graph\">{\"@context\":\"https:\\\/\\\/schema.org\",\"@graph\":[{\"@type\":\"WebPage\",\"@id\":\"https:\\\/\\\/www.lidemschool.com\\\/fr\\\/equipe-enseignants\\\/oscar-gamell\\\/\",\"url\":\"https:\\\/\\\/www.lidemschool.com\\\/fr\\\/equipe-enseignants\\\/oscar-gamell\\\/\",\"name\":\"\u00d2scar Gamell - L&#039;Idem Animation School\",\"isPartOf\":{\"@id\":\"https:\\\/\\\/www.lidemschool.com\\\/fr\\\/#website\"},\"primaryImageOfPage\":{\"@id\":\"https:\\\/\\\/www.lidemschool.com\\\/fr\\\/equipe-enseignants\\\/oscar-gamell\\\/#primaryimage\"},\"image\":{\"@id\":\"https:\\\/\\\/www.lidemschool.com\\\/fr\\\/equipe-enseignants\\\/oscar-gamell\\\/#primaryimage\"},\"thumbnailUrl\":\"https:\\\/\\\/www.lidemschool.com\\\/wp-content\\\/uploads\\\/2023\\\/02\\\/oscar_gamell.jpg\",\"datePublished\":\"2022-03-31T07:18:52+00:00\",\"dateModified\":\"2022-03-31T07:18:54+00:00\",\"breadcrumb\":{\"@id\":\"https:\\\/\\\/www.lidemschool.com\\\/fr\\\/equipe-enseignants\\\/oscar-gamell\\\/#breadcrumb\"},\"inLanguage\":\"fr-FR\",\"potentialAction\":[{\"@type\":\"ReadAction\",\"target\":[\"https:\\\/\\\/www.lidemschool.com\\\/fr\\\/equipe-enseignants\\\/oscar-gamell\\\/\"]}]},{\"@type\":\"ImageObject\",\"inLanguage\":\"fr-FR\",\"@id\":\"https:\\\/\\\/www.lidemschool.com\\\/fr\\\/equipe-enseignants\\\/oscar-gamell\\\/#primaryimage\",\"url\":\"https:\\\/\\\/www.lidemschool.com\\\/wp-content\\\/uploads\\\/2023\\\/02\\\/oscar_gamell.jpg\",\"contentUrl\":\"https:\\\/\\\/www.lidemschool.com\\\/wp-content\\\/uploads\\\/2023\\\/02\\\/oscar_gamell.jpg\",\"width\":1280,\"height\":1280,\"caption\":\"oscar_gamell\"},{\"@type\":\"BreadcrumbList\",\"@id\":\"https:\\\/\\\/www.lidemschool.com\\\/fr\\\/equipe-enseignants\\\/oscar-gamell\\\/#breadcrumb\",\"itemListElement\":[{\"@type\":\"ListItem\",\"position\":1,\"name\":\"Home\",\"item\":\"https:\\\/\\\/www.lidemschool.com\\\/fr\\\/\"},{\"@type\":\"ListItem\",\"position\":2,\"name\":\"Projets\",\"item\":\"https:\\\/\\\/www.lidemschool.com\\\/fr\\\/project\\\/\"},{\"@type\":\"ListItem\",\"position\":3,\"name\":\"\u00d2scar Gamell\"}]},{\"@type\":\"WebSite\",\"@id\":\"https:\\\/\\\/www.lidemschool.com\\\/fr\\\/#website\",\"url\":\"https:\\\/\\\/www.lidemschool.com\\\/fr\\\/\",\"name\":\"L&#039;Idem Animation School\",\"description\":\"L&#039;Idem Animation School\",\"potentialAction\":[{\"@type\":\"SearchAction\",\"target\":{\"@type\":\"EntryPoint\",\"urlTemplate\":\"https:\\\/\\\/www.lidemschool.com\\\/fr\\\/?s={search_term_string}\"},\"query-input\":{\"@type\":\"PropertyValueSpecification\",\"valueRequired\":true,\"valueName\":\"search_term_string\"}}],\"inLanguage\":\"fr-FR\"}]}<\/script>\n<!-- \/ Yoast SEO plugin. -->","yoast_head_json":{"title":"\u00d2scar Gamell - L&#039;Idem Animation School","robots":{"index":"index","follow":"follow","max-snippet":"max-snippet:-1","max-image-preview":"max-image-preview:large","max-video-preview":"max-video-preview:-1"},"canonical":"https:\/\/www.lidemschool.com\/fr\/equipe-enseignants\/oscar-gamell\/","og_locale":"fr_FR","og_type":"article","og_title":"\u00d2scar Gamell - L&#039;Idem Animation School","og_url":"https:\/\/www.lidemschool.com\/fr\/equipe-enseignants\/oscar-gamell\/","og_site_name":"L&#039;Idem Animation School","article_modified_time":"2022-03-31T07:18:54+00:00","og_image":[{"width":537,"height":496,"url":"https:\/\/www.lidemschool.com\/wp-content\/uploads\/2021\/10\/oscar-gamell.jpg","type":"image\/jpeg"}],"twitter_card":"summary_large_image","twitter_misc":{"Dur\u00e9e de lecture estim\u00e9e":"4 minutes"},"schema":{"@context":"https:\/\/schema.org","@graph":[{"@type":"WebPage","@id":"https:\/\/www.lidemschool.com\/fr\/equipe-enseignants\/oscar-gamell\/","url":"https:\/\/www.lidemschool.com\/fr\/equipe-enseignants\/oscar-gamell\/","name":"\u00d2scar Gamell - L&#039;Idem Animation School","isPartOf":{"@id":"https:\/\/www.lidemschool.com\/fr\/#website"},"primaryImageOfPage":{"@id":"https:\/\/www.lidemschool.com\/fr\/equipe-enseignants\/oscar-gamell\/#primaryimage"},"image":{"@id":"https:\/\/www.lidemschool.com\/fr\/equipe-enseignants\/oscar-gamell\/#primaryimage"},"thumbnailUrl":"https:\/\/www.lidemschool.com\/wp-content\/uploads\/2023\/02\/oscar_gamell.jpg","datePublished":"2022-03-31T07:18:52+00:00","dateModified":"2022-03-31T07:18:54+00:00","breadcrumb":{"@id":"https:\/\/www.lidemschool.com\/fr\/equipe-enseignants\/oscar-gamell\/#breadcrumb"},"inLanguage":"fr-FR","potentialAction":[{"@type":"ReadAction","target":["https:\/\/www.lidemschool.com\/fr\/equipe-enseignants\/oscar-gamell\/"]}]},{"@type":"ImageObject","inLanguage":"fr-FR","@id":"https:\/\/www.lidemschool.com\/fr\/equipe-enseignants\/oscar-gamell\/#primaryimage","url":"https:\/\/www.lidemschool.com\/wp-content\/uploads\/2023\/02\/oscar_gamell.jpg","contentUrl":"https:\/\/www.lidemschool.com\/wp-content\/uploads\/2023\/02\/oscar_gamell.jpg","width":1280,"height":1280,"caption":"oscar_gamell"},{"@type":"BreadcrumbList","@id":"https:\/\/www.lidemschool.com\/fr\/equipe-enseignants\/oscar-gamell\/#breadcrumb","itemListElement":[{"@type":"ListItem","position":1,"name":"Home","item":"https:\/\/www.lidemschool.com\/fr\/"},{"@type":"ListItem","position":2,"name":"Projets","item":"https:\/\/www.lidemschool.com\/fr\/project\/"},{"@type":"ListItem","position":3,"name":"\u00d2scar Gamell"}]},{"@type":"WebSite","@id":"https:\/\/www.lidemschool.com\/fr\/#website","url":"https:\/\/www.lidemschool.com\/fr\/","name":"L&#039;Idem Animation School","description":"L&#039;Idem Animation School","potentialAction":[{"@type":"SearchAction","target":{"@type":"EntryPoint","urlTemplate":"https:\/\/www.lidemschool.com\/fr\/?s={search_term_string}"},"query-input":{"@type":"PropertyValueSpecification","valueRequired":true,"valueName":"search_term_string"}}],"inLanguage":"fr-FR"}]}},"_links":{"self":[{"href":"https:\/\/www.lidemschool.com\/fr\/wp-json\/wp\/v2\/project\/15156","targetHints":{"allow":["GET"]}}],"collection":[{"href":"https:\/\/www.lidemschool.com\/fr\/wp-json\/wp\/v2\/project"}],"about":[{"href":"https:\/\/www.lidemschool.com\/fr\/wp-json\/wp\/v2\/types\/project"}],"author":[{"embeddable":true,"href":"https:\/\/www.lidemschool.com\/fr\/wp-json\/wp\/v2\/users\/1"}],"replies":[{"embeddable":true,"href":"https:\/\/www.lidemschool.com\/fr\/wp-json\/wp\/v2\/comments?post=15156"}],"version-history":[{"count":2,"href":"https:\/\/www.lidemschool.com\/fr\/wp-json\/wp\/v2\/project\/15156\/revisions"}],"predecessor-version":[{"id":15158,"href":"https:\/\/www.lidemschool.com\/fr\/wp-json\/wp\/v2\/project\/15156\/revisions\/15158"}],"wp:featuredmedia":[{"embeddable":true,"href":"https:\/\/www.lidemschool.com\/fr\/wp-json\/wp\/v2\/media\/25770"}],"wp:attachment":[{"href":"https:\/\/www.lidemschool.com\/fr\/wp-json\/wp\/v2\/media?parent=15156"}],"wp:term":[{"taxonomy":"project_category","embeddable":true,"href":"https:\/\/www.lidemschool.com\/fr\/wp-json\/wp\/v2\/project_category?post=15156"},{"taxonomy":"project_tag","embeddable":true,"href":"https:\/\/www.lidemschool.com\/fr\/wp-json\/wp\/v2\/project_tag?post=15156"}],"curies":[{"name":"wp","href":"https:\/\/api.w.org\/{rel}","templated":true}]}}