{"id":14972,"date":"2022-03-29T06:57:16","date_gmt":"2022-03-29T06:57:16","guid":{"rendered":"https:\/\/www.lidemschool.com\/stages-et-lidem-international-animation-summit\/stages-internationaux\/"},"modified":"2022-06-08T14:30:18","modified_gmt":"2022-06-08T14:30:18","slug":"stages-internationaux","status":"publish","type":"page","link":"https:\/\/www.lidemschool.com\/fr\/stages-et-evenements\/stages-internationaux\/","title":{"rendered":"Stages internationaux"},"content":{"rendered":"<p>[et_pb_section fb_built=\u00a0\u00bb1&Prime; _builder_version=\u00a0\u00bb4.9.7&Prime; _module_preset=\u00a0\u00bbdefault\u00a0\u00bb global_colors_info=\u00a0\u00bb{}\u00a0\u00bb][et_pb_row column_structure=\u00a0\u00bb1_2,1_2&Prime; _builder_version=\u00a0\u00bb4.9.7&Prime; _module_preset=\u00a0\u00bbdefault\u00a0\u00bb global_colors_info=\u00a0\u00bb{}\u00a0\u00bb][et_pb_column type=\u00a0\u00bb1_2&Prime; _builder_version=\u00a0\u00bb4.9.7&Prime; _module_preset=\u00a0\u00bbdefault\u00a0\u00bb global_colors_info=\u00a0\u00bb{}\u00a0\u00bb][et_pb_image src=\u00a0\u00bbhttps:\/\/www.lidemschool.com\/wp-content\/uploads\/2021\/10\/practicas-internacionales-1.png\u00a0\u00bb title_text=\u00a0\u00bbpracticas-internacionales-1&Prime; _builder_version=\u00a0\u00bb4.9.7&Prime; _module_preset=\u00a0\u00bbdefault\u00a0\u00bb global_colors_info=\u00a0\u00bb{}\u00a0\u00bb][\/et_pb_image][\/et_pb_column][et_pb_column type=\u00a0\u00bb1_2&Prime; _builder_version=\u00a0\u00bb4.9.7&Prime; _module_preset=\u00a0\u00bbdefault\u00a0\u00bb global_colors_info=\u00a0\u00bb{}\u00a0\u00bb][et_pb_text _builder_version=\u00a0\u00bb4.14.7&Prime; _module_preset=\u00a0\u00bbdefault\u00a0\u00bb header_2_font=\u00a0\u00bbMontserrat|700|||||||\u00a0\u00bb header_2_text_color=\u00a0\u00bb#262327&Prime; header_2_font_size=\u00a0\u00bb40px\u00a0\u00bb global_colors_info=\u00a0\u00bb{}\u00a0\u00bb]<\/p>\n<h1 class=\"h1-title\">Stages internationaux<\/h1>\n<p>[\/et_pb_text][et_pb_text _builder_version=\u00a0\u00bb4.9.7&Prime; _module_preset=\u00a0\u00bbdefault\u00a0\u00bb text_font=\u00a0\u00bbRoboto|300|||||||\u00a0\u00bb text_text_color=\u00a0\u00bb#3D393B\u00a0\u00bb global_colors_info=\u00a0\u00bb{}\u00a0\u00bb]Dans le cadre des projets de mobilit\u00e9 internationale, L&rsquo;Idem offre \u00e0 ses \u00e9tudiants la possibilit\u00e9 d&rsquo;effectuer un stage en Europe.<\/p>\n<p>Gr\u00e2ce aux programmes de stages internationaux et pendant l&rsquo;avant-derni\u00e8re et la derni\u00e8re ann\u00e9e d&rsquo;\u00e9tudes \u00e0 L&rsquo;Idem, tous les \u00e9tudiants qui remplissent les conditions d&rsquo;admission peuvent b\u00e9n\u00e9ficier d&rsquo;une aide financi\u00e8re pour couvrir une partie des d\u00e9penses g\u00e9n\u00e9r\u00e9es par la mobilit\u00e9.[\/et_pb_text][\/et_pb_column][\/et_pb_row][\/et_pb_section][et_pb_section fb_built=\u00a0\u00bb1&Prime; _builder_version=\u00a0\u00bb4.9.7&Prime; _module_preset=\u00a0\u00bbdefault\u00a0\u00bb background_color=\u00a0\u00bb#CFE3EF\u00a0\u00bb global_colors_info=\u00a0\u00bb{}\u00a0\u00bb][et_pb_row column_structure=\u00a0\u00bb3_5,2_5&Prime; _builder_version=\u00a0\u00bb4.9.7&Prime; _module_preset=\u00a0\u00bbdefault\u00a0\u00bb custom_margin=\u00a0\u00bb||70px||false|false\u00a0\u00bb global_colors_info=\u00a0\u00bb{}\u00a0\u00bb][et_pb_column type=\u00a0\u00bb3_5&Prime; _builder_version=\u00a0\u00bb4.9.7&Prime; _module_preset=\u00a0\u00bbdefault\u00a0\u00bb global_colors_info=\u00a0\u00bb{}\u00a0\u00bb][et_pb_text _builder_version=\u00a0\u00bb4.14.7&Prime; _module_preset=\u00a0\u00bbdefault\u00a0\u00bb header_2_font=\u00a0\u00bbMontserrat|700|||||||\u00a0\u00bb header_2_text_color=\u00a0\u00bb#262327&Prime; header_2_font_size=\u00a0\u00bb40px\u00a0\u00bb global_colors_info=\u00a0\u00bb{}\u00a0\u00bb]<\/p>\n<h2>Bureau international<\/h2>\n<p>[\/et_pb_text][et_pb_text _builder_version=\u00a0\u00bb4.9.7&Prime; _module_preset=\u00a0\u00bbdefault\u00a0\u00bb text_font=\u00a0\u00bbRoboto|300|||||||\u00a0\u00bb text_text_color=\u00a0\u00bb#3D393B\u00a0\u00bb global_colors_info=\u00a0\u00bb{}\u00a0\u00bb]Le bureau international de L&rsquo;Idem est charg\u00e9 de coordonner et de g\u00e9rer les stages \u00e0 l&rsquo;\u00e9tranger:<\/p>\n<ul>\n<li>Relations avec les entreprises d&rsquo;accueil.<\/li>\n<li>S\u00e9lection des candidats.<\/li>\n<li>Gestion des conventions de stage et des contrats de mobilit\u00e9.<\/li>\n<li>Mentorat et \u00e9valuation des exp\u00e9riences de stage.<\/li>\n<\/ul>\n<p>[\/et_pb_text][et_pb_text _builder_version=\u00a0\u00bb4.14.7&Prime; _module_preset=\u00a0\u00bbdefault\u00a0\u00bb header_2_font=\u00a0\u00bbMontserrat|700|||||||\u00a0\u00bb header_2_text_color=\u00a0\u00bb#262327&Prime; header_2_font_size=\u00a0\u00bb40px\u00a0\u00bb global_colors_info=\u00a0\u00bb{}\u00a0\u00bb]<\/p>\n<h2>Nous nous engageons en faveur de la mobilit\u00e9<\/h2>\n<p>[\/et_pb_text][et_pb_text _builder_version=\u00a0\u00bb4.9.7&Prime; _module_preset=\u00a0\u00bbdefault\u00a0\u00bb text_font=\u00a0\u00bbRoboto|300|||||||\u00a0\u00bb text_text_color=\u00a0\u00bb#3D393B\u00a0\u00bb global_colors_info=\u00a0\u00bb{}\u00a0\u00bb]La mobilit\u00e9 d&rsquo;\u00e9tudes en Europe est un avantage dans le cursus. Pendant leur s\u00e9jour \u00e0 l&rsquo;\u00e9tranger, les \u00e9tudiants d\u00e9veloppent leurs connaissances et leurs aptitudes techniques et communicatives, ce qui favorise l&rsquo;acquisition de comp\u00e9tences qui les pr\u00e9parent \u00e0 la pratique professionnelle.[\/et_pb_text][\/et_pb_column][et_pb_column type=\u00a0\u00bb2_5&Prime; _builder_version=\u00a0\u00bb4.9.7&Prime; _module_preset=\u00a0\u00bbdefault\u00a0\u00bb global_colors_info=\u00a0\u00bb{}\u00a0\u00bb][et_pb_image src=\u00a0\u00bbhttps:\/\/www.lidemschool.com\/wp-content\/uploads\/2021\/10\/practicas-internacionales-2.png\u00a0\u00bb title_text=\u00a0\u00bbpracticas-internacionales-2&Prime; _builder_version=\u00a0\u00bb4.9.7&Prime; _module_preset=\u00a0\u00bbdefault\u00a0\u00bb global_colors_info=\u00a0\u00bb{}\u00a0\u00bb][\/et_pb_image][\/et_pb_column][\/et_pb_row][et_pb_row column_structure=\u00a0\u00bb2_5,3_5&Prime; custom_padding_last_edited=\u00a0\u00bbon|phone\u00a0\u00bb module_class=\u00a0\u00bbcolumn-reverse\u00a0\u00bb _builder_version=\u00a0\u00bb4.14.9&Prime; _module_preset=\u00a0\u00bbdefault\u00a0\u00bb custom_margin=\u00a0\u00bb||70px||false|false\u00a0\u00bb custom_margin_tablet=\u00a0\u00bb||70px||false|false\u00a0\u00bb custom_margin_phone=\u00a0\u00bb||0px||false|false\u00a0\u00bb custom_margin_last_edited=\u00a0\u00bbon|phone\u00a0\u00bb custom_padding=\u00a0\u00bb||||false|false\u00a0\u00bb custom_padding_tablet=\u00a0\u00bb||||false|false\u00a0\u00bb custom_padding_phone=\u00a0\u00bb||70px||false|false\u00a0\u00bb global_colors_info=\u00a0\u00bb{}\u00a0\u00bb][et_pb_column type=\u00a0\u00bb2_5&Prime; _builder_version=\u00a0\u00bb4.9.7&Prime; _module_preset=\u00a0\u00bbdefault\u00a0\u00bb global_colors_info=\u00a0\u00bb{}\u00a0\u00bb][et_pb_image src=\u00a0\u00bbhttps:\/\/www.lidemschool.com\/wp-content\/uploads\/2021\/10\/practicas-internacionales-3.png\u00a0\u00bb title_text=\u00a0\u00bbpracticas-internacionales-3&Prime; _builder_version=\u00a0\u00bb4.9.7&Prime; _module_preset=\u00a0\u00bbdefault\u00a0\u00bb global_colors_info=\u00a0\u00bb{}\u00a0\u00bb][\/et_pb_image][\/et_pb_column][et_pb_column type=\u00a0\u00bb3_5&Prime; _builder_version=\u00a0\u00bb4.9.7&Prime; _module_preset=\u00a0\u00bbdefault\u00a0\u00bb global_colors_info=\u00a0\u00bb{}\u00a0\u00bb][et_pb_text _builder_version=\u00a0\u00bb4.14.7&Prime; _module_preset=\u00a0\u00bbdefault\u00a0\u00bb header_2_font=\u00a0\u00bbMontserrat|700|||||||\u00a0\u00bb header_2_text_color=\u00a0\u00bb#262327&Prime; header_2_font_size=\u00a0\u00bb40px\u00a0\u00bb global_colors_info=\u00a0\u00bb{}\u00a0\u00bb]<\/p>\n<h2>Avantages pour l&rsquo;\u00e9tudiant<\/h2>\n<p>[\/et_pb_text][et_pb_text _builder_version=\u00a0\u00bb4.9.7&Prime; _module_preset=\u00a0\u00bbdefault\u00a0\u00bb text_font=\u00a0\u00bbRoboto|300|||||||\u00a0\u00bb text_text_color=\u00a0\u00bb#3D393B\u00a0\u00bb global_colors_info=\u00a0\u00bb{}\u00a0\u00bb]<\/p>\n<ul>\n<li>Exp\u00e9rience professionnelle internationale mise en valeur sur votre CV<\/li>\n<li>Am\u00e9lioration des comp\u00e9tences linguistiques et techniques<\/li>\n<li>Exp\u00e9rience personnelle unique<\/li>\n<\/ul>\n<p>[\/et_pb_text][et_pb_text _builder_version=\u00a0\u00bb4.14.7&Prime; _module_preset=\u00a0\u00bbdefault\u00a0\u00bb header_2_font=\u00a0\u00bbMontserrat|700|||||||\u00a0\u00bb header_2_text_color=\u00a0\u00bb#262327&Prime; header_2_font_size=\u00a0\u00bb40px\u00a0\u00bb hover_enabled=\u00a0\u00bb0&Prime; global_colors_info=\u00a0\u00bb{}\u00a0\u00bb sticky_enabled=\u00a0\u00bb0&Prime;]<\/p>\n<h2>R\u00e9seau international d&rsquo;ambassadeurs de L&rsquo;Idem<\/h2>\n<p>[\/et_pb_text][et_pb_text _builder_version=\u00a0\u00bb4.14.9&Prime; _module_preset=\u00a0\u00bbdefault\u00a0\u00bb text_font=\u00a0\u00bbRoboto|300|||||||\u00a0\u00bb text_text_color=\u00a0\u00bb#3D393B\u00a0\u00bb hover_enabled=\u00a0\u00bb0&Prime; global_colors_info=\u00a0\u00bb{}\u00a0\u00bb sticky_enabled=\u00a0\u00bb0&Prime;]\u00c0 L&rsquo;Idem, nous disposons d&rsquo;un r\u00e9seau international d&rsquo;ambassadeurs de l&rsquo;\u00e9cole, d&rsquo;anciens \u00e9l\u00e8ves qui travaillent dans le monde entier et qui peuvent vous aider \u00e0 vous installer dans votre lieu de stage.[\/et_pb_text][\/et_pb_column][\/et_pb_row][\/et_pb_section][et_pb_section fb_built=\u00a0\u00bb1&Prime; disabled_on=\u00a0\u00bbon|on|on\u00a0\u00bb _builder_version=\u00a0\u00bb4.14.7&Prime; _module_preset=\u00a0\u00bbdefault\u00a0\u00bb disabled=\u00a0\u00bbon\u00a0\u00bb global_colors_info=\u00a0\u00bb{}\u00a0\u00bb][et_pb_row column_structure=\u00a0\u00bb2_5,3_5&Prime; _builder_version=\u00a0\u00bb4.9.7&Prime; _module_preset=\u00a0\u00bbdefault\u00a0\u00bb global_colors_info=\u00a0\u00bb{}\u00a0\u00bb][et_pb_column type=\u00a0\u00bb2_5&Prime; _builder_version=\u00a0\u00bb4.9.7&Prime; _module_preset=\u00a0\u00bbdefault\u00a0\u00bb global_colors_info=\u00a0\u00bb{}\u00a0\u00bb][et_pb_text _builder_version=\u00a0\u00bb4.9.7&Prime; _module_preset=\u00a0\u00bbdefault\u00a0\u00bb global_colors_info=\u00a0\u00bb{}\u00a0\u00bb]<\/p>\n<h2>Pouvons-nous vous aider?<\/h2>\n<p>[\/et_pb_text][et_pb_text _builder_version=\u00a0\u00bb4.9.7&Prime; _module_preset=\u00a0\u00bbdefault\u00a0\u00bb global_colors_info=\u00a0\u00bb{}\u00a0\u00bb]<\/p>\n<h4><strong>\u00c9crivez-nous ou appelez-nous, nous r\u00e9soudrons tous vos doutes.<\/strong><\/h4>\n<p><strong><\/strong><\/p>\n<h4 style=\"color:#F3584D\"><strong><a href=\"tel:0034934854550\">+34 934 854 550<\/a><\/strong><\/h4>\n<p>[\/et_pb_text][\/et_pb_column][et_pb_column type=\u00a0\u00bb3_5&Prime; _builder_version=\u00a0\u00bb4.9.7&Prime; _module_preset=\u00a0\u00bbdefault\u00a0\u00bb global_colors_info=\u00a0\u00bb{}\u00a0\u00bb][et_pb_code _builder_version=\u00a0\u00bb4.9.7&Prime; _module_preset=\u00a0\u00bbdefault\u00a0\u00bb global_colors_info=\u00a0\u00bb{}\u00a0\u00bb]\n<div class=\"wpcf7 no-js\" id=\"wpcf7-f15000-o1\" lang=\"fr-FR\" dir=\"ltr\" data-wpcf7-id=\"15000\">\n<div class=\"screen-reader-response\"><p role=\"status\" aria-live=\"polite\" aria-atomic=\"true\"><\/p> <ul><\/ul><\/div>\n<form action=\"\/fr\/wp-json\/wp\/v2\/pages\/14972#wpcf7-f15000-o1\" method=\"post\" class=\"wpcf7-form init\" aria-label=\"Formulaire de contact\" novalidate=\"novalidate\" data-status=\"init\">\n<fieldset class=\"hidden-fields-container\"><input type=\"hidden\" name=\"_wpcf7\" value=\"15000\" \/><input type=\"hidden\" name=\"_wpcf7_version\" value=\"6.1.5\" \/><input type=\"hidden\" name=\"_wpcf7_locale\" value=\"fr_FR\" \/><input type=\"hidden\" name=\"_wpcf7_unit_tag\" value=\"wpcf7-f15000-o1\" \/><input type=\"hidden\" name=\"_wpcf7_container_post\" value=\"0\" \/><input type=\"hidden\" name=\"_wpcf7_posted_data_hash\" value=\"\" \/>\n<\/fieldset>\n<div class=\"wpcf7-turnstile cf-turnstile\" data-sitekey=\"0x4AAAAAADBPvHZmYW77WSYq\" data-response-field-name=\"_wpcf7_turnstile_response\"><\/div>\n\n<div id=\"contacto-form\">\n\t<div class=\"\">\n\t\t<p><span class=\"wpcf7-form-control-wrap\" data-name=\"nombre\"><input size=\"40\" maxlength=\"400\" class=\"wpcf7-form-control wpcf7-text wpcf7-validates-as-required\" aria-required=\"true\" aria-invalid=\"false\" placeholder=\"NOM ET PR\u00c9NOM*\" value=\"\" type=\"text\" name=\"nombre\" \/><\/span>\n\t\t<\/p>\n\t\t<p><span class=\"wpcf7-form-control-wrap\" data-name=\"email\"><input size=\"40\" maxlength=\"400\" class=\"wpcf7-form-control wpcf7-email wpcf7-validates-as-required wpcf7-text wpcf7-validates-as-email\" aria-required=\"true\" aria-invalid=\"false\" placeholder=\"E-MAIL*\" value=\"\" type=\"email\" name=\"email\" \/><\/span>\n\t\t<\/p>\n\t\t<p>[phonetext* T\u00c9L\u00c9PHONE placeholder numberonly \"9165898569\"]\n\t\t<\/p>\n\t\t<div>\n\t\t\t<p><span class=\"wpcf7-form-control-wrap\" data-name=\"motivodelaconsulta\"><select class=\"wpcf7-form-control wpcf7-select\" aria-invalid=\"false\" name=\"motivodelaconsulta\"><option value=\"\">RAISON DE LA CONSULTATION<\/option><option value=\"Contacter l&#039;\u00e9cole\">Contacter l&#039;\u00e9cole<\/option><option value=\"Contacter le D\u00e9partement d&#039;Admission\">Contacter le D\u00e9partement d&#039;Admission<\/option><option value=\"Autres\">Autres<\/option><\/select><\/span>\n\t\t\t<\/p>\n\t\t<\/div>\n\t\t<div>\n\t\t\t<p><span class=\"wpcf7-form-control-wrap\" data-name=\"contactemos\"><select class=\"wpcf7-form-control wpcf7-select\" aria-invalid=\"false\" name=\"contactemos\"><option value=\"\u00bfCOMMENT VOULEZ-VOUS QUE NOUS VOUS CONTACTIONS?\">\u00bfCOMMENT VOULEZ-VOUS QUE NOUS VOUS CONTACTIONS?<\/option><option value=\"Par e-mail\">Par e-mail<\/option><option value=\"Par t\u00e9l\u00e9phone\">Par t\u00e9l\u00e9phone<\/option><\/select><\/span>\n\t\t\t<\/p>\n\t\t<\/div>\n\t\t<p><label class=\"area-text-form\">COMMENTAIRE*<br \/>\n<span class=\"wpcf7-form-control-wrap\" data-name=\"Commentaire\"><textarea cols=\"40\" rows=\"10\" maxlength=\"2000\" class=\"wpcf7-form-control wpcf7-textarea wpcf7-validates-as-required\" aria-required=\"true\" aria-invalid=\"false\" name=\"Commentaire\"><\/textarea><\/span><br \/>\n<\/label>\n\t\t<\/p>\n\t\t<p>INFORMATIONS SUR LA PROTECTION DES DONN\u00c9ES DE L'IDEM\n\t\t<\/p>\n\t\t<p><strong> Les objectifs<\/strong>: Pour r\u00e9pondre \u00e0 vos demandes et vous envoyer des informations commerciales sur nos produits et services, y compris par voie \u00e9lectronique.<br \/>\n<strong> Droits <\/strong>: Vous pouvez retirer votre consentement \u00e0 tout moment, ainsi qu'acc\u00e9der \u00e0 vos donn\u00e9es, les rectifier, les supprimer et exercer d'autres droits \u00e0 l'adresse <a href=\"mailto:info@lidembarcelona.com\" target=\"_blank\">info@lidembarcelona.com. <\/a><br \/>\n<strong>Informations compl\u00e9mentaires<\/strong>: Vous pouvez trouver plus d'informations sur le lien <a href=\"\/fr\/politique-de-confidentialite\/\">Politique de confidentialit\u00e9<\/a>.\n\t\t<\/p>\n\t\t<div class=\"check-form\">\n\t\t\t<p><label><br \/>\n<span class=\"wpcf7-form-control-wrap\" data-name=\"privacidad\"><span class=\"wpcf7-form-control wpcf7-checkbox wpcf7-validates-as-required\"><span class=\"wpcf7-list-item first last\"><input type=\"checkbox\" name=\"privacidad[]\" value=\"\" \/><span class=\"wpcf7-list-item-label\"><\/span><\/span><\/span><\/span> J'ai lu et j'accepte la <a href=\"\/fr\/politique-de-confidentialite\/\">politique de confidentialit\u00e9<\/a><\/label>\n\t\t\t<\/p>\n\t\t\t<p><br \/>\n<span class=\"wpcf7-form-control-wrap\" data-name=\"news\"><span class=\"wpcf7-form-control wpcf7-checkbox wpcf7-validates-as-required\"><span class=\"wpcf7-list-item first last\"><input type=\"checkbox\" name=\"news[]\" value=\"\" \/><span class=\"wpcf7-list-item-label\"><\/span><\/span><\/span><\/span> J'accepte de recevoir des informations commerciales, y compris par voie \u00e9lectronique.\n\t\t\t<\/p>\n\t\t<\/div>\n\t\t<div class=\"btn-enviar\">\n\t\t\t<p><div class=\"cf7-cf-turnstile\" style=\"margin-top: 0px; margin-bottom: -15px;\"> <div id=\"cf-turnstile-cf7-2912128621\" class=\"cf-turnstile\" data-sitekey=\"0x4AAAAAADBPvHZmYW77WSYq\" data-theme=\"light\" data-language=\"auto\" data-size=\"normal\" data-retry=\"auto\" data-retry-interval=\"1000\" data-refresh-expired=\"auto\" data-refresh-timeout=\"auto\" data-action=\"contact-form-7\" data-callback=\"turnstileCF7Callback\" data-appearance=\"always\"><\/div> <script>document.addEventListener(\"DOMContentLoaded\", function() { setTimeout(function(){ var e=document.getElementById(\"cf-turnstile-cf7-2912128621\"); if(e&&!e.innerHTML.trim()){turnstile.render(e, {sitekey:\"0x4AAAAAADBPvHZmYW77WSYq\"});} }, 200); });<\/script> <br class=\"cf-turnstile-br cf-turnstile-br-cf7-2912128621\"> <style>#cf-turnstile-cf7-2912128621 { margin-left: -15px; }<\/style> <script>document.addEventListener(\"DOMContentLoaded\",function(){document.querySelectorAll('.wpcf7-form').forEach(function(e){e.addEventListener('submit',function(){if(document.getElementById('cf-turnstile-cf7-2912128621')){setTimeout(function(){turnstile.reset('#cf-turnstile-cf7-2912128621');},1000)}})})});<\/script> <\/div><br\/><input class=\"wpcf7-form-control wpcf7-submit has-spinner btn-primary\" type=\"submit\" value=\"Envoyer\" \/>\n\t\t\t<\/p>\n\t\t<\/div>\n\t<\/div>\n<\/div>\n<style>input.wpcf7-form-control.wpcf7-phonetext{padding-left:45px}\n<\/style><p style=\"display: none !important;\" class=\"akismet-fields-container\" data-prefix=\"_wpcf7_ak_\"><label>&#916;<textarea name=\"_wpcf7_ak_hp_textarea\" cols=\"45\" rows=\"8\" maxlength=\"100\"><\/textarea><\/label><input type=\"hidden\" id=\"ak_js_1\" name=\"_wpcf7_ak_js\" value=\"90\"\/><script type=\"text\/javascript\">\n\/* <![CDATA[ *\/\ndocument.getElementById( \"ak_js_1\" ).setAttribute( \"value\", ( new Date() ).getTime() );\n\/* ]]> *\/\n<\/script>\n<\/p><div class=\"wpcf7-response-output\" aria-hidden=\"true\"><\/div>\n<\/form>\n<\/div>\n[\/et_pb_code][\/et_pb_column][\/et_pb_row][\/et_pb_section]<\/p>\n","protected":false},"excerpt":{"rendered":"<p>Stages internationauxDans le cadre des projets de mobilit\u00e9 internationale, L&rsquo;Idem offre \u00e0 ses \u00e9tudiants la possibilit\u00e9 d&rsquo;effectuer un stage en Europe. Gr\u00e2ce aux programmes de stages internationaux et pendant l&rsquo;avant-derni\u00e8re et la derni\u00e8re ann\u00e9e d&rsquo;\u00e9tudes \u00e0 L&rsquo;Idem, tous les \u00e9tudiants qui remplissent les conditions d&rsquo;admission peuvent b\u00e9n\u00e9ficier d&rsquo;une aide financi\u00e8re pour couvrir une partie des [&hellip;]<\/p>\n","protected":false},"author":1,"featured_media":0,"parent":14962,"menu_order":0,"comment_status":"closed","ping_status":"closed","template":"","meta":{"_et_pb_use_builder":"on","_et_pb_old_content":"","_et_gb_content_width":"","content-type":"","inline_featured_image":false,"footnotes":""},"class_list":["post-14972","page","type-page","status-publish","hentry"],"yoast_head":"<!-- This site is optimized with the Yoast SEO plugin v27.4 - https:\/\/yoast.com\/product\/yoast-seo-wordpress\/ -->\n<title>D\u00e9couvrez les stages internationaux | L&#039;Idem Barcelona<\/title>\n<meta name=\"description\" content=\"\u00c0 L&#039;Idem Barcelona, nous vous aidons \u00e0 entrer sur le monde du travail gr\u00e2ce \u00e0 notre programme de stages, que vous pouvez effectuer \u00e0 l&#039;\u00e9tranger!\" \/>\n<meta name=\"robots\" content=\"index, follow, max-snippet:-1, max-image-preview:large, max-video-preview:-1\" \/>\n<link rel=\"canonical\" href=\"https:\/\/www.lidemschool.com\/fr\/stages-et-evenements\/stages-internationaux\/\" \/>\n<meta property=\"og:locale\" content=\"fr_FR\" \/>\n<meta property=\"og:type\" content=\"article\" \/>\n<meta property=\"og:title\" content=\"D\u00e9couvrez les stages internationaux | L&#039;Idem Barcelona\" \/>\n<meta property=\"og:description\" content=\"\u00c0 L&#039;Idem Barcelona, nous vous aidons \u00e0 entrer sur le monde du travail gr\u00e2ce \u00e0 notre programme de stages, que vous pouvez effectuer \u00e0 l&#039;\u00e9tranger!\" \/>\n<meta property=\"og:url\" content=\"https:\/\/www.lidemschool.com\/fr\/stages-et-evenements\/stages-internationaux\/\" \/>\n<meta property=\"og:site_name\" content=\"L&#039;Idem Animation School\" \/>\n<meta property=\"article:modified_time\" content=\"2022-06-08T14:30:18+00:00\" \/>\n<meta property=\"og:image\" content=\"https:\/\/www.lidemschool.com\/wp-content\/uploads\/2025\/06\/Tendencias-animacion.jpg\" \/>\n\t<meta property=\"og:image:width\" content=\"1080\" \/>\n\t<meta property=\"og:image:height\" content=\"1920\" \/>\n\t<meta property=\"og:image:type\" content=\"image\/jpeg\" \/>\n<meta name=\"twitter:card\" content=\"summary_large_image\" \/>\n<meta name=\"twitter:label1\" content=\"Dur\u00e9e de lecture estim\u00e9e\" \/>\n\t<meta name=\"twitter:data1\" content=\"5 minutes\" \/>\n<script type=\"application\/ld+json\" class=\"yoast-schema-graph\">{\"@context\":\"https:\\\/\\\/schema.org\",\"@graph\":[{\"@type\":\"WebPage\",\"@id\":\"https:\\\/\\\/www.lidemschool.com\\\/fr\\\/stages-et-evenements\\\/stages-internationaux\\\/\",\"url\":\"https:\\\/\\\/www.lidemschool.com\\\/fr\\\/stages-et-evenements\\\/stages-internationaux\\\/\",\"name\":\"D\u00e9couvrez les stages internationaux | L'Idem Barcelona\",\"isPartOf\":{\"@id\":\"https:\\\/\\\/www.lidemschool.com\\\/fr\\\/#website\"},\"datePublished\":\"2022-03-29T06:57:16+00:00\",\"dateModified\":\"2022-06-08T14:30:18+00:00\",\"description\":\"\u00c0 L'Idem Barcelona, nous vous aidons \u00e0 entrer sur le monde du travail gr\u00e2ce \u00e0 notre programme de stages, que vous pouvez effectuer \u00e0 l'\u00e9tranger!\",\"breadcrumb\":{\"@id\":\"https:\\\/\\\/www.lidemschool.com\\\/fr\\\/stages-et-evenements\\\/stages-internationaux\\\/#breadcrumb\"},\"inLanguage\":\"fr-FR\",\"potentialAction\":[{\"@type\":\"ReadAction\",\"target\":[\"https:\\\/\\\/www.lidemschool.com\\\/fr\\\/stages-et-evenements\\\/stages-internationaux\\\/\"]}]},{\"@type\":\"BreadcrumbList\",\"@id\":\"https:\\\/\\\/www.lidemschool.com\\\/fr\\\/stages-et-evenements\\\/stages-internationaux\\\/#breadcrumb\",\"itemListElement\":[{\"@type\":\"ListItem\",\"position\":1,\"name\":\"Home\",\"item\":\"https:\\\/\\\/www.lidemschool.com\\\/fr\\\/\"},{\"@type\":\"ListItem\",\"position\":2,\"name\":\"Stages et L&rsquo;Idem International Animation Summit\",\"item\":\"https:\\\/\\\/www.lidemschool.com\\\/fr\\\/stages-et-evenements\\\/\"},{\"@type\":\"ListItem\",\"position\":3,\"name\":\"Stages internationaux\"}]},{\"@type\":\"WebSite\",\"@id\":\"https:\\\/\\\/www.lidemschool.com\\\/fr\\\/#website\",\"url\":\"https:\\\/\\\/www.lidemschool.com\\\/fr\\\/\",\"name\":\"L&#039;Idem Animation School\",\"description\":\"L&#039;Idem Animation School\",\"potentialAction\":[{\"@type\":\"SearchAction\",\"target\":{\"@type\":\"EntryPoint\",\"urlTemplate\":\"https:\\\/\\\/www.lidemschool.com\\\/fr\\\/?s={search_term_string}\"},\"query-input\":{\"@type\":\"PropertyValueSpecification\",\"valueRequired\":true,\"valueName\":\"search_term_string\"}}],\"inLanguage\":\"fr-FR\"}]}<\/script>\n<!-- \/ Yoast SEO plugin. -->","yoast_head_json":{"title":"D\u00e9couvrez les stages internationaux | L'Idem Barcelona","description":"\u00c0 L'Idem Barcelona, nous vous aidons \u00e0 entrer sur le monde du travail gr\u00e2ce \u00e0 notre programme de stages, que vous pouvez effectuer \u00e0 l'\u00e9tranger!","robots":{"index":"index","follow":"follow","max-snippet":"max-snippet:-1","max-image-preview":"max-image-preview:large","max-video-preview":"max-video-preview:-1"},"canonical":"https:\/\/www.lidemschool.com\/fr\/stages-et-evenements\/stages-internationaux\/","og_locale":"fr_FR","og_type":"article","og_title":"D\u00e9couvrez les stages internationaux | L'Idem Barcelona","og_description":"\u00c0 L'Idem Barcelona, nous vous aidons \u00e0 entrer sur le monde du travail gr\u00e2ce \u00e0 notre programme de stages, que vous pouvez effectuer \u00e0 l'\u00e9tranger!","og_url":"https:\/\/www.lidemschool.com\/fr\/stages-et-evenements\/stages-internationaux\/","og_site_name":"L&#039;Idem Animation School","article_modified_time":"2022-06-08T14:30:18+00:00","og_image":[{"width":1080,"height":1920,"url":"https:\/\/www.lidemschool.com\/wp-content\/uploads\/2025\/06\/Tendencias-animacion.jpg","type":"image\/jpeg"}],"twitter_card":"summary_large_image","twitter_misc":{"Dur\u00e9e de lecture estim\u00e9e":"5 minutes"},"schema":{"@context":"https:\/\/schema.org","@graph":[{"@type":"WebPage","@id":"https:\/\/www.lidemschool.com\/fr\/stages-et-evenements\/stages-internationaux\/","url":"https:\/\/www.lidemschool.com\/fr\/stages-et-evenements\/stages-internationaux\/","name":"D\u00e9couvrez les stages internationaux | L'Idem Barcelona","isPartOf":{"@id":"https:\/\/www.lidemschool.com\/fr\/#website"},"datePublished":"2022-03-29T06:57:16+00:00","dateModified":"2022-06-08T14:30:18+00:00","description":"\u00c0 L'Idem Barcelona, nous vous aidons \u00e0 entrer sur le monde du travail gr\u00e2ce \u00e0 notre programme de stages, que vous pouvez effectuer \u00e0 l'\u00e9tranger!","breadcrumb":{"@id":"https:\/\/www.lidemschool.com\/fr\/stages-et-evenements\/stages-internationaux\/#breadcrumb"},"inLanguage":"fr-FR","potentialAction":[{"@type":"ReadAction","target":["https:\/\/www.lidemschool.com\/fr\/stages-et-evenements\/stages-internationaux\/"]}]},{"@type":"BreadcrumbList","@id":"https:\/\/www.lidemschool.com\/fr\/stages-et-evenements\/stages-internationaux\/#breadcrumb","itemListElement":[{"@type":"ListItem","position":1,"name":"Home","item":"https:\/\/www.lidemschool.com\/fr\/"},{"@type":"ListItem","position":2,"name":"Stages et L&rsquo;Idem International Animation Summit","item":"https:\/\/www.lidemschool.com\/fr\/stages-et-evenements\/"},{"@type":"ListItem","position":3,"name":"Stages internationaux"}]},{"@type":"WebSite","@id":"https:\/\/www.lidemschool.com\/fr\/#website","url":"https:\/\/www.lidemschool.com\/fr\/","name":"L&#039;Idem Animation School","description":"L&#039;Idem Animation School","potentialAction":[{"@type":"SearchAction","target":{"@type":"EntryPoint","urlTemplate":"https:\/\/www.lidemschool.com\/fr\/?s={search_term_string}"},"query-input":{"@type":"PropertyValueSpecification","valueRequired":true,"valueName":"search_term_string"}}],"inLanguage":"fr-FR"}]}},"_links":{"self":[{"href":"https:\/\/www.lidemschool.com\/fr\/wp-json\/wp\/v2\/pages\/14972","targetHints":{"allow":["GET"]}}],"collection":[{"href":"https:\/\/www.lidemschool.com\/fr\/wp-json\/wp\/v2\/pages"}],"about":[{"href":"https:\/\/www.lidemschool.com\/fr\/wp-json\/wp\/v2\/types\/page"}],"author":[{"embeddable":true,"href":"https:\/\/www.lidemschool.com\/fr\/wp-json\/wp\/v2\/users\/1"}],"replies":[{"embeddable":true,"href":"https:\/\/www.lidemschool.com\/fr\/wp-json\/wp\/v2\/comments?post=14972"}],"version-history":[{"count":3,"href":"https:\/\/www.lidemschool.com\/fr\/wp-json\/wp\/v2\/pages\/14972\/revisions"}],"predecessor-version":[{"id":18284,"href":"https:\/\/www.lidemschool.com\/fr\/wp-json\/wp\/v2\/pages\/14972\/revisions\/18284"}],"up":[{"embeddable":true,"href":"https:\/\/www.lidemschool.com\/fr\/wp-json\/wp\/v2\/pages\/14962"}],"wp:attachment":[{"href":"https:\/\/www.lidemschool.com\/fr\/wp-json\/wp\/v2\/media?parent=14972"}],"curies":[{"name":"wp","href":"https:\/\/api.w.org\/{rel}","templated":true}]}}